{"id":1823,"date":"2022-09-28T18:26:17","date_gmt":"2022-09-28T18:26:17","guid":{"rendered":"https:\/\/subicapartments.com\/haus-niva\/"},"modified":"2026-01-04T12:44:51","modified_gmt":"2026-01-04T12:44:51","slug":"haus-niva","status":"publish","type":"page","link":"https:\/\/subicapartments.com\/de\/haus-niva\/","title":{"rendered":"Haus Niva"},"content":{"rendered":"<p>[et_pb_section fb_built=&#8220;1&#8243; admin_label=&#8220;Header&#8220; _builder_version=&#8220;4.21.0&#8243; use_background_color_gradient=&#8220;on&#8220; background_color_gradient_type=&#8220;circular&#8220; background_color_gradient_direction_radial=&#8220;bottom&#8220; background_color_gradient_stops=&#8220;rgba(255,255,255,0.89) 19%|rgba(255,255,255,0) 80%&#8220; background_color_gradient_overlays_image=&#8220;on&#8220; background_color_gradient_start=&#8220;rgba(255,255,255,0.89)&#8220; background_color_gradient_start_position=&#8220;30%&#8220; background_color_gradient_end=&#8220;rgba(255,255,255,0)&#8220; background_color_gradient_end_position=&#8220;80%&#8220; background_image=&#8220;https:\/\/subicapartments.com\/wp-content\/uploads\/sites\/5\/2025\/06\/Aparmani-Niva-Rab34.jpg&#8220; custom_margin=&#8220;|||&#8220; custom_padding=&#8220;10vw||10vw||true|false&#8220; bottom_divider_style=&#8220;curve2&#8243; bottom_divider_color=&#8220;#FFFFFF&#8220; bottom_divider_height=&#8220;40px&#8220; global_colors_info=&#8220;{}&#8220;][et_pb_row _builder_version=&#8220;4.16&#8243; global_colors_info=&#8220;{}&#8220;][et_pb_column type=&#8220;4_4&#8243; _builder_version=&#8220;4.16&#8243; custom_padding=&#8220;|||&#8220; global_colors_info=&#8220;{}&#8220; custom_padding__hover=&#8220;|||&#8220;][et_pb_text _builder_version=&#8220;4.20.0&#8243; text_font=&#8220;||||||||&#8220; header_font=&#8220;|700|||||||&#8220; header_text_color=&#8220;#D1B7A1&#8243; header_font_size=&#8220;50px&#8220; header_line_height=&#8220;2em&#8220; header_5_font=&#8220;Raleway|||on|||||&#8220; header_5_text_color=&#8220;#3D3935&#8243; header_5_font_size=&#8220;20px&#8220; header_5_letter_spacing=&#8220;1px&#8220; header_5_line_height=&#8220;2em&#8220; animation_style=&#8220;zoom&#8220; animation_intensity_zoom=&#8220;5%&#8220; header_font_size_tablet=&#8220;48px&#8220; header_font_size_phone=&#8220;32px&#8220; header_font_size_last_edited=&#8220;on|phone&#8220; header_5_font_size_tablet=&#8220;14px&#8220; header_5_font_size_phone=&#8220;12px&#8220; header_5_font_size_last_edited=&#8220;on|desktop&#8220; locked=&#8220;off&#8220; global_colors_info=&#8220;{}&#8220;]<\/p>\n<h1 style=\"text-align: center\">Haus Niva<\/h1>\n<p>[\/et_pb_text][\/et_pb_column][\/et_pb_row][\/et_pb_section][et_pb_section fb_built=&#8220;1&#8243; admin_label=&#8220;About Us&#8220; _builder_version=&#8220;4.16&#8243; min_height_tablet=&#8220;&#8220; min_height_phone=&#8220;&#8220; min_height_last_edited=&#8220;on|desktop&#8220; custom_margin=&#8220;0px||0px||true|false&#8220; custom_padding=&#8220;50px||80px||false|false&#8220; locked=&#8220;off&#8220; global_colors_info=&#8220;{}&#8220;][et_pb_row _builder_version=&#8220;4.16&#8243; _module_preset=&#8220;default&#8220; custom_margin=&#8220;-100px||0px||false|false&#8220; custom_padding=&#8220;0px||0px||true|false&#8220; global_colors_info=&#8220;{}&#8220;][et_pb_column type=&#8220;4_4&#8243; _builder_version=&#8220;4.16&#8243; _module_preset=&#8220;default&#8220; global_colors_info=&#8220;{}&#8220;][et_pb_image src=&#8220;https:\/\/subicapartments.com\/wp-content\/uploads\/sites\/5\/2022\/10\/subic-rab-kopija-11.png&#8220; alt=&#8220;favicon subic&#8220; title_text=&#8220;subic-rab kopija-11&#8243; align=&#8220;center&#8220; _builder_version=&#8220;4.16&#8243; _module_preset=&#8220;default&#8220; width=&#8220;10%&#8220; width_tablet=&#8220;20%&#8220; width_phone=&#8220;30%&#8220; width_last_edited=&#8220;on|phone&#8220; custom_padding=&#8220;||0px||false|false&#8220; locked=&#8220;off&#8220; global_colors_info=&#8220;{}&#8220;][\/et_pb_image][\/et_pb_column][\/et_pb_row][et_pb_row custom_padding_last_edited=&#8220;off|desktop&#8220; _builder_version=&#8220;4.16&#8243; custom_padding=&#8220;40px|0px|40px|0px|true|false&#8220; custom_padding_tablet=&#8220;|0px||0px||true&#8220; global_colors_info=&#8220;{}&#8220;][et_pb_column type=&#8220;4_4&#8243; _builder_version=&#8220;4.16&#8243; custom_padding=&#8220;|||&#8220; global_colors_info=&#8220;{}&#8220; custom_padding__hover=&#8220;|||&#8220;][et_pb_text _builder_version=&#8220;4.21.0&#8243; text_font=&#8220;||||||||&#8220; text_font_size=&#8220;16px&#8220; text_line_height=&#8220;2em&#8220; header_font=&#8220;||||||||&#8220; header_2_font=&#8220;|700|||||||&#8220; header_2_text_color=&#8220;#D1B7A1&#8243; header_2_font_size=&#8220;40px&#8220; header_2_line_height=&#8220;1.2em&#8220; header_6_font=&#8220;Raleway|||on|||||&#8220; header_6_font_size=&#8220;16px&#8220; header_6_letter_spacing=&#8220;5px&#8220; header_6_line_height=&#8220;3em&#8220; max_width=&#8220;700px&#8220; module_alignment=&#8220;center&#8220; header_2_font_size_tablet=&#8220;35px&#8220; header_2_font_size_phone=&#8220;25px&#8220; header_2_font_size_last_edited=&#8220;on|phone&#8220; global_colors_info=&#8220;{}&#8220;]<\/p>\n<h6 style=\"text-align: center\">\u00dcber Haus Niva<\/h6>\n<h2 style=\"text-align: center\">Genie\u00dfen Sie Ihre Privatsph\u00e4re mit einer wundersch\u00f6nen Aussicht<\/h2>\n<p>[\/et_pb_text][et_pb_text _builder_version=&#8220;4.16&#8243; text_font=&#8220;||||||||&#8220; text_font_size=&#8220;16px&#8220; text_line_height=&#8220;2em&#8220; header_font=&#8220;||||||||&#8220; header_2_font=&#8220;Raleway|700|||||||&#8220; header_2_font_size=&#8220;50px&#8220; header_2_line_height=&#8220;1.4em&#8220; header_6_font=&#8220;Raleway|700||on|||||&#8220; header_6_font_size=&#8220;16px&#8220; header_6_letter_spacing=&#8220;5px&#8220; header_6_line_height=&#8220;1.8em&#8220; max_width=&#8220;700px&#8220; module_alignment=&#8220;center&#8220; custom_margin=&#8220;0px||||false|false&#8220; header_2_font_size_tablet=&#8220;35px&#8220; header_2_font_size_phone=&#8220;25px&#8220; header_2_font_size_last_edited=&#8220;on|phone&#8220; global_colors_info=&#8220;{}&#8220;]<\/p>\n<p style=\"text-align: center\">Direkt am Meer mit Strandangelegenheit und gro\u00dfer Terrasse Haus \u0160ubi\u0107 leigt direkt am Meer und hat einen eigenen Strand. Innerhalb von 10 Gehminuten erreichen Sie ein Gesch\u00e4ft und einige Restaurants. Es hat einen Platz zum Grillen und eine sch\u00f6ne Aussicht. Alle Apartments sind mit Klimaanlage und Sat-TV ausgestattet.<\/p>\n<p>[\/et_pb_text][\/et_pb_column][\/et_pb_row][et_pb_row column_structure=&#8220;1_3,1_3,1_3&#8243; _builder_version=&#8220;4.16&#8243; _module_preset=&#8220;default&#8220; custom_margin=&#8220;0px||50px||false|false&#8220; custom_padding=&#8220;||||true|false&#8220; global_colors_info=&#8220;{}&#8220;][et_pb_column type=&#8220;1_3&#8243; _builder_version=&#8220;4.16&#8243; _module_preset=&#8220;default&#8220; global_colors_info=&#8220;{}&#8220;][et_pb_blurb title=&#8220;Free WiFi&#8220; use_icon=&#8220;on&#8220; font_icon=&#8220;\uf1eb||fa||900&#8243; icon_color=&#8220;#D1B7A1&#8243; image_icon_width=&#8220;30px&#8220; _builder_version=&#8220;4.16&#8243; _module_preset=&#8220;default&#8220; header_font=&#8220;Raleway|700|||||||&#8220; header_text_align=&#8220;center&#8220; header_font_size=&#8220;20px&#8220; background_color=&#8220;#F7F1E4&#8243; custom_padding=&#8220;30px|30px|30px|30px|true|true&#8220; animation_style=&#8220;slide&#8220; border_radii=&#8220;on|10px|10px|10px|10px&#8220; box_shadow_style=&#8220;preset3&#8243; global_colors_info=&#8220;{}&#8220;]<\/p>\n<p style=\"text-align: center\">Kostenloses WLAN ist in allen Ferienwohnungen verf\u00fcgbar<\/p>\n<p>[\/et_pb_blurb][et_pb_blurb title=&#8220;Gro\u00dfe Gemeinschaftsterasse mit Grill&#8220; use_icon=&#8220;on&#8220; font_icon=&#8220;\uf6c0||fa||900&#8243; icon_color=&#8220;#D1B7A1&#8243; image_icon_width=&#8220;30px&#8220; _builder_version=&#8220;4.16&#8243; _module_preset=&#8220;default&#8220; header_font=&#8220;Raleway|700|||||||&#8220; header_text_align=&#8220;center&#8220; header_font_size=&#8220;20px&#8220; background_color=&#8220;#F7F1E4&#8243; custom_padding=&#8220;30px|30px|30px|30px|true|true&#8220; animation_style=&#8220;slide&#8220; border_radii=&#8220;on|10px|10px|10px|10px&#8220; box_shadow_style=&#8220;preset3&#8243; global_colors_info=&#8220;{}&#8220;]<\/p>\n<p style=\"text-align: center\">Alle G\u00e4ste haben Zugang zu einer gro\u00dfer Terrasse mit Grill und Garten.<\/p>\n<p>[\/et_pb_blurb][\/et_pb_column][et_pb_column type=&#8220;1_3&#8243; _builder_version=&#8220;4.16&#8243; _module_preset=&#8220;default&#8220; global_colors_info=&#8220;{}&#8220;][et_pb_blurb title=&#8220;Kostenlose Parkpl\u00e4tze&#8220; use_icon=&#8220;on&#8220; font_icon=&#8220;\uf540||fa||900&#8243; icon_color=&#8220;#D1B7A1&#8243; image_icon_width=&#8220;30px&#8220; _builder_version=&#8220;4.16&#8243; _module_preset=&#8220;default&#8220; header_font=&#8220;Raleway|700|||||||&#8220; header_text_align=&#8220;center&#8220; header_font_size=&#8220;20px&#8220; background_color=&#8220;#F7F1E4&#8243; custom_padding=&#8220;30px|30px|30px|30px|true|true&#8220; animation_style=&#8220;slide&#8220; border_radii=&#8220;on|10px|10px|10px|10px&#8220; box_shadow_style=&#8220;preset3&#8243; global_colors_info=&#8220;{}&#8220;]<\/p>\n<p style=\"text-align: center\">Kostenlose Parkpl\u00e4tze stehen allen G\u00e4sten zur Verf\u00fcgung.<\/p>\n<p>[\/et_pb_blurb][et_pb_blurb title=&#8220;Sch\u00f6ne Aussicht&#8220; use_icon=&#8220;on&#8220; font_icon=&#8220;\uf185||fa||900&#8243; icon_color=&#8220;#D1B7A1&#8243; image_icon_width=&#8220;30px&#8220; _builder_version=&#8220;4.16&#8243; _module_preset=&#8220;default&#8220; header_font=&#8220;Raleway|700|||||||&#8220; header_text_align=&#8220;center&#8220; header_font_size=&#8220;20px&#8220; background_color=&#8220;#F7F1E4&#8243; custom_padding=&#8220;30px|30px|30px|30px|true|true&#8220; animation_style=&#8220;slide&#8220; border_radii=&#8220;on|10px|10px|10px|10px&#8220; box_shadow_style=&#8220;preset3&#8243; global_colors_info=&#8220;{}&#8220;]<\/p>\n<p style=\"text-align: center\">Alle Wohnungen mit Terrassen und Balkonen haben Meerblick.<\/p>\n<p>[\/et_pb_blurb][\/et_pb_column][et_pb_column type=&#8220;1_3&#8243; _builder_version=&#8220;4.16&#8243; _module_preset=&#8220;default&#8220; global_colors_info=&#8220;{}&#8220;][et_pb_blurb title=&#8220;N\u00e4he des Strandes&#8220; use_icon=&#8220;on&#8220; font_icon=&#8220;\uf5ca||fa||900&#8243; icon_color=&#8220;#D1B7A1&#8243; image_icon_width=&#8220;30px&#8220; _builder_version=&#8220;4.16&#8243; _module_preset=&#8220;default&#8220; header_font=&#8220;Raleway|700|||||||&#8220; header_text_align=&#8220;center&#8220; header_font_size=&#8220;20px&#8220; background_color=&#8220;#F7F1E4&#8243; custom_padding=&#8220;30px|30px|30px|30px|true|true&#8220; animation_style=&#8220;slide&#8220; border_radii=&#8220;on|10px|10px|10px|10px&#8220; box_shadow_style=&#8220;preset3&#8243; global_colors_info=&#8220;{}&#8220;]<\/p>\n<p style=\"text-align: center\">Direkt am Meer mit Strandangelegenheit und gro\u00dfer Terrasse Haus \u0160ubi\u0107 leigt direkt am Meer und hat einen eigenen Strand.<\/p>\n<p>[\/et_pb_blurb][et_pb_blurb title=&#8220;Private Bootsanliegepl\u00e4tze&#8220; use_icon=&#8220;on&#8220; font_icon=&#8220;\uf13d||fa||900&#8243; icon_color=&#8220;#D1B7A1&#8243; image_icon_width=&#8220;30px&#8220; _builder_version=&#8220;4.16&#8243; _module_preset=&#8220;default&#8220; header_font=&#8220;Raleway|700|||||||&#8220; header_text_align=&#8220;center&#8220; header_font_size=&#8220;20px&#8220; background_color=&#8220;#F7F1E4&#8243; custom_padding=&#8220;30px|30px|30px|30px|true|true&#8220; animation_style=&#8220;slide&#8220; border_radii=&#8220;on|10px|10px|10px|10px&#8220; box_shadow_style=&#8220;preset3&#8243; global_colors_info=&#8220;{}&#8220;]<\/p>\n<p style=\"text-align: center\">Direkt am Meer mit Strandangelegenheit und gro\u00dfer Terrasse Haus \u0160ubi\u0107 leigt direkt am Meer und hat einen eigenen Strand.<\/p>\n<p>[\/et_pb_blurb][\/et_pb_column][\/et_pb_row][et_pb_row _builder_version=&#8220;4.16&#8243; _module_preset=&#8220;default&#8220; locked=&#8220;off&#8220; global_colors_info=&#8220;{}&#8220;][et_pb_column type=&#8220;4_4&#8243; _builder_version=&#8220;4.16&#8243; _module_preset=&#8220;default&#8220; global_colors_info=&#8220;{}&#8220;][et_pb_text _builder_version=&#8220;4.20.0&#8243; _module_preset=&#8220;default&#8220; header_2_font=&#8220;||||||||&#8220; header_2_text_color=&#8220;#D1B7A1&#8243; header_2_line_height=&#8220;2em&#8220; animation_style=&#8220;zoom&#8220; global_colors_info=&#8220;{}&#8220;]<\/p>\n<h2 style=\"text-align: center\">Schauen Sie sich unsere Haus Niva Galerie an<\/h2>\n<p>[\/et_pb_text][\/et_pb_column][\/et_pb_row][et_pb_row _builder_version=&#8220;4.16&#8243; global_colors_info=&#8220;{}&#8220;][et_pb_column type=&#8220;4_4&#8243; _builder_version=&#8220;4.16&#8243; custom_padding=&#8220;|||&#8220; global_colors_info=&#8220;{}&#8220; custom_padding__hover=&#8220;|||&#8220;][et_pb_gallery gallery_ids=&#8220;2363,727,2201,726,2370,2373,2204,2356,2344,2016,2360&#8243; fullwidth=&#8220;on&#8220; module_class=&#8220;lwp-arrow-color&#8220; _builder_version=&#8220;4.21.0&#8243; _module_preset=&#8220;default&#8220; title_text_color=&#8220;#FFFFFF&#8220; pagination_text_color=&#8220;#FFFFFF&#8220; animation_style=&#8220;flip&#8220; auto=&#8220;on&#8220; auto_speed=&#8220;2500&#8243; hover_enabled=&#8220;0&#8243; global_colors_info=&#8220;{}&#8220; sticky_enabled=&#8220;0&#8243;][\/et_pb_gallery][\/et_pb_column][\/et_pb_row][\/et_pb_section][et_pb_section fb_built=&#8220;1&#8243; specialty=&#8220;on&#8220; admin_label=&#8220;Room&#8220; module_id=&#8220;1&#8243; _builder_version=&#8220;4.16&#8243; _module_preset=&#8220;fc279fe1-2424-4719-834e-230d1cda79ff&#8220; global_colors_info=&#8220;{}&#8220;][et_pb_column type=&#8220;1_2&#8243; specialty_columns=&#8220;2&#8243; _builder_version=&#8220;4.16&#8243; custom_padding=&#8220;|||&#8220; global_colors_info=&#8220;{}&#8220; custom_padding__hover=&#8220;|||&#8220;][et_pb_row_inner disabled_on=&#8220;off|off|off&#8220; _builder_version=&#8220;4.21.0&#8243; global_colors_info=&#8220;{}&#8220;][et_pb_column_inner saved_specialty_column_type=&#8220;1_2&#8243; _builder_version=&#8220;4.16&#8243; custom_padding=&#8220;|||&#8220; global_colors_info=&#8220;{}&#8220; custom_padding__hover=&#8220;|||&#8220;][et_pb_text _builder_version=&#8220;4.20.0&#8243; text_font=&#8220;Raleway||||||||&#8220; text_font_size=&#8220;16px&#8220; text_line_height=&#8220;2em&#8220; ul_font=&#8220;||||||||&#8220; ul_line_height=&#8220;2em&#8220; header_font=&#8220;subic||||||||&#8220; header_3_font=&#8220;|200|||||||&#8220; header_3_font_size=&#8220;40px&#8220; header_3_line_height=&#8220;2em&#8220; header_6_line_height=&#8220;1.8em&#8220; header_3_font_size_tablet=&#8220;35px&#8220; header_3_font_size_phone=&#8220;25px&#8220; header_3_font_size_last_edited=&#8220;on|phone&#8220; locked=&#8220;off&#8220; global_colors_info=&#8220;{}&#8220;]<\/p>\n<h3>Niva 1<\/h3>\n<p>Die Ferienwohnung bietet Ihnen eine Terrasse, Meerblick, einen Sitzbereich, einen Flachbild-Sat-TV, eine voll ausgestattete K\u00fcche mit Geschirrsp\u00fcler und K\u00fchlschrank sowie ein eigenes Bad mit Dusche. Ein Backofen und ein Kochfeld sowie ein Wasserkocher und eine Kaffeemaschine sind ebenfalls vorhanden.<\/p>\n<p>[\/et_pb_text][\/et_pb_column_inner][\/et_pb_row_inner][et_pb_row_inner column_structure=&#8220;1_2,1_2&#8243; use_custom_gutter=&#8220;on&#8220; gutter_width=&#8220;2&#8243; _builder_version=&#8220;4.16&#8243; custom_padding=&#8220;0|0px|0|0px|true|false&#8220; global_colors_info=&#8220;{}&#8220;][et_pb_column_inner type=&#8220;1_2&#8243; saved_specialty_column_type=&#8220;1_2&#8243; _builder_version=&#8220;4.16&#8243; custom_padding=&#8220;|||&#8220; global_colors_info=&#8220;{}&#8220; custom_padding__hover=&#8220;|||&#8220;][et_pb_blurb title=&#8220;2 Personen &#8220; use_icon=&#8220;on&#8220; font_icon=&#8220;\uf007||fa||900&#8243; icon_color=&#8220;#D1B7A1&#8243; icon_placement=&#8220;left&#8220; image_icon_width=&#8220;24px&#8220; _builder_version=&#8220;4.16&#8243; header_level=&#8220;h5&#8243; header_font=&#8220;Raleway|700|||||||&#8220; header_line_height=&#8220;1.4em&#8220; custom_margin=&#8220;10px||10px||true|false&#8220; custom_padding=&#8220;0px||0px||true|false&#8220; icon_font_size=&#8220;24px&#8220; locked=&#8220;off&#8220; global_colors_info=&#8220;{}&#8220;][\/et_pb_blurb][et_pb_blurb title=&#8220;1 Schlafzimmer &#8220; use_icon=&#8220;on&#8220; font_icon=&#8220;\uf236||fa||900&#8243; icon_color=&#8220;#D1B7A1&#8243; icon_placement=&#8220;left&#8220; image_icon_width=&#8220;24px&#8220; _builder_version=&#8220;4.16&#8243; header_level=&#8220;h5&#8243; header_font=&#8220;Raleway|700|||||||&#8220; header_line_height=&#8220;1.4em&#8220; custom_margin=&#8220;10px||10px||true|false&#8220; custom_padding=&#8220;0px||0px||true|false&#8220; icon_font_size=&#8220;24px&#8220; locked=&#8220;off&#8220; global_colors_info=&#8220;{}&#8220;][\/et_pb_blurb][et_pb_blurb title=&#8220;Gro\u00dfe Terrasse mit Garten&#8220; use_icon=&#8220;on&#8220; font_icon=&#8220;\uf185||fa||900&#8243; icon_color=&#8220;#D1B7A1&#8243; icon_placement=&#8220;left&#8220; image_icon_width=&#8220;24px&#8220; _builder_version=&#8220;4.16&#8243; header_level=&#8220;h5&#8243; header_font=&#8220;Raleway|700|||||||&#8220; header_line_height=&#8220;1.4em&#8220; custom_margin=&#8220;10px||10px||true|false&#8220; custom_padding=&#8220;0px||0px||true|false&#8220; icon_font_size=&#8220;24px&#8220; locked=&#8220;off&#8220; global_colors_info=&#8220;{}&#8220;][\/et_pb_blurb][et_pb_blurb title=&#8220;Meerausblick&#8220; use_icon=&#8220;on&#8220; font_icon=&#8220;\uf773||fa||900&#8243; icon_color=&#8220;#D1B7A1&#8243; icon_placement=&#8220;left&#8220; image_icon_width=&#8220;24px&#8220; _builder_version=&#8220;4.16&#8243; header_level=&#8220;h5&#8243; header_font=&#8220;Raleway|700|||||||&#8220; header_line_height=&#8220;1.4em&#8220; custom_margin=&#8220;10px||10px||true|false&#8220; custom_padding=&#8220;0px||0px||true|false&#8220; icon_font_size=&#8220;24px&#8220; locked=&#8220;off&#8220; global_colors_info=&#8220;{}&#8220;][\/et_pb_blurb][et_pb_blurb title=&#8220;Klimaanlage&#8220; use_icon=&#8220;on&#8220; font_icon=&#8220;\uf72e||fa||900&#8243; icon_color=&#8220;#D1B7A1&#8243; icon_placement=&#8220;left&#8220; image_icon_width=&#8220;24px&#8220; _builder_version=&#8220;4.16&#8243; header_level=&#8220;h5&#8243; header_font=&#8220;Raleway|700|||||||&#8220; header_line_height=&#8220;1.4em&#8220; custom_margin=&#8220;10px||10px||true|false&#8220; custom_padding=&#8220;0px||0px||true|false&#8220; icon_font_size=&#8220;24px&#8220; locked=&#8220;off&#8220; global_colors_info=&#8220;{}&#8220;][\/et_pb_blurb][\/et_pb_column_inner][et_pb_column_inner type=&#8220;1_2&#8243; saved_specialty_column_type=&#8220;1_2&#8243; _builder_version=&#8220;4.16&#8243; custom_padding=&#8220;|||&#8220; global_colors_info=&#8220;{}&#8220; custom_padding__hover=&#8220;|||&#8220;][et_pb_blurb title=&#8220;Wohnk\u00fcche &#8220; use_icon=&#8220;on&#8220; font_icon=&#8220;\uf2e7||fa||900&#8243; icon_color=&#8220;#D1B7A1&#8243; icon_placement=&#8220;left&#8220; image_icon_width=&#8220;24px&#8220; _builder_version=&#8220;4.16&#8243; header_level=&#8220;h5&#8243; header_font=&#8220;Raleway|700|||||||&#8220; header_line_height=&#8220;1.4em&#8220; custom_margin=&#8220;10px||10px||true|false&#8220; custom_padding=&#8220;0px||0px||true|false&#8220; icon_font_size=&#8220;24px&#8220; locked=&#8220;off&#8220; global_colors_info=&#8220;{}&#8220;][\/et_pb_blurb][et_pb_blurb title=&#8220;Geschirrsp\u00fcller&#8220; use_icon=&#8220;on&#8220; font_icon=&#8220;\uf043||fa||900&#8243; icon_color=&#8220;#D1B7A1&#8243; icon_placement=&#8220;left&#8220; image_icon_width=&#8220;24px&#8220; _builder_version=&#8220;4.16&#8243; header_level=&#8220;h5&#8243; header_font=&#8220;Raleway|700|||||||&#8220; header_line_height=&#8220;1.4em&#8220; custom_margin=&#8220;10px||10px||true|false&#8220; custom_padding=&#8220;0px||0px||true|false&#8220; icon_font_size=&#8220;24px&#8220; locked=&#8220;off&#8220; global_colors_info=&#8220;{}&#8220;][\/et_pb_blurb][et_pb_blurb title=&#8220;1 Duschbad&#8220; use_icon=&#8220;on&#8220; font_icon=&#8220;\uf2cc||fa||900&#8243; icon_color=&#8220;#D1B7A1&#8243; icon_placement=&#8220;left&#8220; image_icon_width=&#8220;24px&#8220; _builder_version=&#8220;4.16&#8243; header_level=&#8220;h5&#8243; header_font=&#8220;Raleway|700|||||||&#8220; header_line_height=&#8220;1.4em&#8220; custom_margin=&#8220;10px||10px||true|false&#8220; custom_padding=&#8220;0px||0px||true|false&#8220; icon_font_size=&#8220;24px&#8220; locked=&#8220;off&#8220; global_colors_info=&#8220;{}&#8220;][\/et_pb_blurb][et_pb_blurb title=&#8220;Waschmaschine&#8220; use_icon=&#8220;on&#8220; font_icon=&#8220;\uf553||fa||900&#8243; icon_color=&#8220;#D1B7A1&#8243; icon_placement=&#8220;left&#8220; image_icon_width=&#8220;24px&#8220; _builder_version=&#8220;4.16&#8243; header_level=&#8220;h5&#8243; header_font=&#8220;Raleway|700|||||||&#8220; header_line_height=&#8220;1.4em&#8220; custom_margin=&#8220;10px||10px||true|false&#8220; custom_padding=&#8220;0px||0px||true|false&#8220; icon_font_size=&#8220;24px&#8220; locked=&#8220;off&#8220; global_colors_info=&#8220;{}&#8220;][\/et_pb_blurb][\/et_pb_column_inner][\/et_pb_row_inner][\/et_pb_column][et_pb_column type=&#8220;1_2&#8243; _builder_version=&#8220;4.16&#8243; custom_padding=&#8220;|||&#8220; global_colors_info=&#8220;{}&#8220; custom_padding__hover=&#8220;|||&#8220;][et_pb_gallery gallery_ids=&#8220;1929,1932,1935,1938,1941,1944,1947,1950,1953,1956,1959,1962,1965,1968,1971,1974,1977,1980,1983,1986,1989,1992,1995,1998,2001,2004,2007,2010,2013,2016,2019&#8243; fullwidth=&#8220;on&#8220; disabled_on=&#8220;off|off|off&#8220; _builder_version=&#8220;4.21.0&#8243; _module_preset=&#8220;default&#8220; auto=&#8220;on&#8220; auto_speed=&#8220;2000&#8243; global_colors_info=&#8220;{}&#8220;][\/et_pb_gallery][\/et_pb_column][\/et_pb_section][et_pb_section fb_built=&#8220;1&#8243; specialty=&#8220;on&#8220; admin_label=&#8220;Room&#8220; module_id=&#8220;2&#8243; _builder_version=&#8220;4.16&#8243; _module_preset=&#8220;fc279fe1-2424-4719-834e-230d1cda79ff&#8220; background_color=&#8220;#FFFFFF&#8220; global_colors_info=&#8220;{}&#8220;][et_pb_column type=&#8220;1_2&#8243; specialty_columns=&#8220;2&#8243; _builder_version=&#8220;4.16&#8243; custom_padding=&#8220;|||&#8220; global_colors_info=&#8220;{}&#8220; custom_padding__hover=&#8220;|||&#8220;][et_pb_row_inner disabled_on=&#8220;off|off|off&#8220; _builder_version=&#8220;4.21.0&#8243; global_colors_info=&#8220;{}&#8220;][et_pb_column_inner saved_specialty_column_type=&#8220;1_2&#8243; _builder_version=&#8220;4.16&#8243; custom_padding=&#8220;|||&#8220; global_colors_info=&#8220;{}&#8220; custom_padding__hover=&#8220;|||&#8220;][et_pb_text _builder_version=&#8220;4.16&#8243; text_font=&#8220;Raleway||||||||&#8220; text_font_size=&#8220;16px&#8220; text_line_height=&#8220;2em&#8220; ul_font=&#8220;||||||||&#8220; ul_line_height=&#8220;2em&#8220; header_font=&#8220;subic||||||||&#8220; header_3_font=&#8220;|200|||||||&#8220; header_3_font_size=&#8220;40px&#8220; header_3_line_height=&#8220;2em&#8220; header_6_line_height=&#8220;1.8em&#8220; header_3_font_size_tablet=&#8220;35px&#8220; header_3_font_size_phone=&#8220;25px&#8220; header_3_font_size_last_edited=&#8220;on|phone&#8220; locked=&#8220;off&#8220; global_colors_info=&#8220;{}&#8220;]<\/p>\n<h3>Niva 2<\/h3>\n<p>Die Ferienwohnung bietet Ihnen eine Terrasse, Meerblick, einen Sitzbereich, einen Flachbild-Sat-TV, eine voll ausgestattete K\u00fcche mit Geschirrsp\u00fcler und K\u00fchlschrank sowie ein eigenes Bad mit Dusche. Ein Backofen und ein Kochfeld sowie ein Wasserkocher und eine Kaffeemaschine sind ebenfalls vorhanden.<\/p>\n<p>[\/et_pb_text][\/et_pb_column_inner][\/et_pb_row_inner][et_pb_row_inner column_structure=&#8220;1_2,1_2&#8243; use_custom_gutter=&#8220;on&#8220; gutter_width=&#8220;2&#8243; _builder_version=&#8220;4.16&#8243; custom_padding=&#8220;0|0px|0|0px|true|false&#8220; global_colors_info=&#8220;{}&#8220;][et_pb_column_inner type=&#8220;1_2&#8243; saved_specialty_column_type=&#8220;1_2&#8243; _builder_version=&#8220;4.16&#8243; custom_padding=&#8220;|||&#8220; global_colors_info=&#8220;{}&#8220; custom_padding__hover=&#8220;|||&#8220;][et_pb_blurb title=&#8220;4 Personen &#8220; use_icon=&#8220;on&#8220; font_icon=&#8220;\uf007||fa||900&#8243; icon_color=&#8220;#D1B7A1&#8243; icon_placement=&#8220;left&#8220; image_icon_width=&#8220;24px&#8220; _builder_version=&#8220;4.16&#8243; header_level=&#8220;h5&#8243; header_font=&#8220;Raleway|700|||||||&#8220; header_line_height=&#8220;1.4em&#8220; custom_margin=&#8220;10px||10px||true|false&#8220; custom_padding=&#8220;0px||0px||true|false&#8220; icon_font_size=&#8220;24px&#8220; locked=&#8220;off&#8220; global_colors_info=&#8220;{}&#8220;][\/et_pb_blurb][et_pb_blurb title=&#8220;2 Schlafzimmer &#8220; use_icon=&#8220;on&#8220; font_icon=&#8220;\uf236||fa||900&#8243; icon_color=&#8220;#D1B7A1&#8243; icon_placement=&#8220;left&#8220; image_icon_width=&#8220;24px&#8220; _builder_version=&#8220;4.16&#8243; header_level=&#8220;h5&#8243; header_font=&#8220;Raleway|700|||||||&#8220; header_line_height=&#8220;1.4em&#8220; custom_margin=&#8220;10px||10px||true|false&#8220; custom_padding=&#8220;0px||0px||true|false&#8220; icon_font_size=&#8220;24px&#8220; locked=&#8220;off&#8220; global_colors_info=&#8220;{}&#8220;][\/et_pb_blurb][et_pb_blurb title=&#8220;Gro\u00dfe Terrasse und Balkon&#8220; use_icon=&#8220;on&#8220; font_icon=&#8220;\uf185||fa||900&#8243; icon_color=&#8220;#D1B7A1&#8243; icon_placement=&#8220;left&#8220; image_icon_width=&#8220;24px&#8220; _builder_version=&#8220;4.16&#8243; header_level=&#8220;h5&#8243; header_font=&#8220;Raleway|700|||||||&#8220; header_line_height=&#8220;1.4em&#8220; custom_margin=&#8220;10px||10px||true|false&#8220; custom_padding=&#8220;0px||0px||true|false&#8220; icon_font_size=&#8220;24px&#8220; locked=&#8220;off&#8220; global_colors_info=&#8220;{}&#8220;][\/et_pb_blurb][et_pb_blurb title=&#8220;Meerausblick&#8220; use_icon=&#8220;on&#8220; font_icon=&#8220;\uf773||fa||900&#8243; icon_color=&#8220;#D1B7A1&#8243; icon_placement=&#8220;left&#8220; image_icon_width=&#8220;24px&#8220; _builder_version=&#8220;4.16&#8243; header_level=&#8220;h5&#8243; header_font=&#8220;Raleway|700|||||||&#8220; header_line_height=&#8220;1.4em&#8220; custom_margin=&#8220;10px||10px||true|false&#8220; custom_padding=&#8220;0px||0px||true|false&#8220; icon_font_size=&#8220;24px&#8220; locked=&#8220;off&#8220; global_colors_info=&#8220;{}&#8220;][\/et_pb_blurb][et_pb_blurb title=&#8220;Klimaanlage&#8220; use_icon=&#8220;on&#8220; font_icon=&#8220;\uf72e||fa||900&#8243; icon_color=&#8220;#D1B7A1&#8243; icon_placement=&#8220;left&#8220; image_icon_width=&#8220;24px&#8220; _builder_version=&#8220;4.16&#8243; header_level=&#8220;h5&#8243; header_font=&#8220;Raleway|700|||||||&#8220; header_line_height=&#8220;1.4em&#8220; custom_margin=&#8220;10px||10px||true|false&#8220; custom_padding=&#8220;0px||0px||true|false&#8220; icon_font_size=&#8220;24px&#8220; locked=&#8220;off&#8220; global_colors_info=&#8220;{}&#8220;][\/et_pb_blurb][\/et_pb_column_inner][et_pb_column_inner type=&#8220;1_2&#8243; saved_specialty_column_type=&#8220;1_2&#8243; _builder_version=&#8220;4.16&#8243; custom_padding=&#8220;|||&#8220; global_colors_info=&#8220;{}&#8220; custom_padding__hover=&#8220;|||&#8220;][et_pb_blurb title=&#8220;Wohnk\u00fcche &#8220; use_icon=&#8220;on&#8220; font_icon=&#8220;\uf2e7||fa||900&#8243; icon_color=&#8220;#D1B7A1&#8243; icon_placement=&#8220;left&#8220; image_icon_width=&#8220;24px&#8220; _builder_version=&#8220;4.16&#8243; header_level=&#8220;h5&#8243; header_font=&#8220;Raleway|700|||||||&#8220; header_line_height=&#8220;1.4em&#8220; custom_margin=&#8220;10px||10px||true|false&#8220; custom_padding=&#8220;0px||0px||true|false&#8220; icon_font_size=&#8220;24px&#8220; locked=&#8220;off&#8220; global_colors_info=&#8220;{}&#8220;][\/et_pb_blurb][et_pb_blurb title=&#8220;Geschirrsp\u00fcller&#8220; use_icon=&#8220;on&#8220; font_icon=&#8220;\uf043||fa||900&#8243; icon_color=&#8220;#D1B7A1&#8243; icon_placement=&#8220;left&#8220; image_icon_width=&#8220;24px&#8220; _builder_version=&#8220;4.16&#8243; header_level=&#8220;h5&#8243; header_font=&#8220;Raleway|700|||||||&#8220; header_line_height=&#8220;1.4em&#8220; custom_margin=&#8220;10px||10px||true|false&#8220; custom_padding=&#8220;0px||0px||true|false&#8220; icon_font_size=&#8220;24px&#8220; locked=&#8220;off&#8220; global_colors_info=&#8220;{}&#8220;][\/et_pb_blurb][et_pb_blurb title=&#8220;2 Duschbad&#8220; use_icon=&#8220;on&#8220; font_icon=&#8220;\uf2cc||fa||900&#8243; icon_color=&#8220;#D1B7A1&#8243; icon_placement=&#8220;left&#8220; image_icon_width=&#8220;24px&#8220; _builder_version=&#8220;4.16&#8243; header_level=&#8220;h5&#8243; header_font=&#8220;Raleway|700|||||||&#8220; header_line_height=&#8220;1.4em&#8220; custom_margin=&#8220;10px||10px||true|false&#8220; custom_padding=&#8220;0px||0px||true|false&#8220; icon_font_size=&#8220;24px&#8220; locked=&#8220;off&#8220; global_colors_info=&#8220;{}&#8220;][\/et_pb_blurb][et_pb_blurb title=&#8220;Waschmaschine&#8220; use_icon=&#8220;on&#8220; font_icon=&#8220;\uf553||fa||900&#8243; icon_color=&#8220;#D1B7A1&#8243; icon_placement=&#8220;left&#8220; image_icon_width=&#8220;24px&#8220; _builder_version=&#8220;4.16&#8243; header_level=&#8220;h5&#8243; header_font=&#8220;Raleway|700|||||||&#8220; header_line_height=&#8220;1.4em&#8220; custom_margin=&#8220;10px||10px||true|false&#8220; custom_padding=&#8220;0px||0px||true|false&#8220; icon_font_size=&#8220;24px&#8220; locked=&#8220;off&#8220; global_colors_info=&#8220;{}&#8220;][\/et_pb_blurb][\/et_pb_column_inner][\/et_pb_row_inner][\/et_pb_column][et_pb_column type=&#8220;1_2&#8243; _builder_version=&#8220;4.16&#8243; custom_padding=&#8220;|||&#8220; global_colors_info=&#8220;{}&#8220; custom_padding__hover=&#8220;|||&#8220;][et_pb_gallery gallery_ids=&#8220;2022,2025,2028,2031,2034,2037,2040,2043,2046,2049,2052,2055,2058,2061,2064,2067,2070,2073,2076,2079,2082,2085,2088,2091,2094,2097,2100,2112,2115,2118,2121,2124&#8243; fullwidth=&#8220;on&#8220; _builder_version=&#8220;4.21.0&#8243; _module_preset=&#8220;default&#8220; auto=&#8220;on&#8220; auto_speed=&#8220;2000&#8243; global_colors_info=&#8220;{}&#8220;][\/et_pb_gallery][\/et_pb_column][\/et_pb_section][et_pb_section fb_built=&#8220;1&#8243; specialty=&#8220;on&#8220; admin_label=&#8220;Room&#8220; module_id=&#8220;3&#8243; _builder_version=&#8220;4.16&#8243; _module_preset=&#8220;fc279fe1-2424-4719-834e-230d1cda79ff&#8220; global_colors_info=&#8220;{}&#8220;][et_pb_column type=&#8220;1_2&#8243; specialty_columns=&#8220;2&#8243; _builder_version=&#8220;4.16&#8243; custom_padding=&#8220;|||&#8220; global_colors_info=&#8220;{}&#8220; custom_padding__hover=&#8220;|||&#8220;][et_pb_row_inner disabled_on=&#8220;off|off|off&#8220; _builder_version=&#8220;4.21.0&#8243; global_colors_info=&#8220;{}&#8220;][et_pb_column_inner saved_specialty_column_type=&#8220;1_2&#8243; _builder_version=&#8220;4.16&#8243; custom_padding=&#8220;|||&#8220; global_colors_info=&#8220;{}&#8220; custom_padding__hover=&#8220;|||&#8220;][et_pb_text _builder_version=&#8220;4.16&#8243; text_font=&#8220;Raleway||||||||&#8220; text_font_size=&#8220;16px&#8220; text_line_height=&#8220;2em&#8220; ul_font=&#8220;||||||||&#8220; ul_line_height=&#8220;2em&#8220; header_font=&#8220;subic||||||||&#8220; header_3_font=&#8220;|200|||||||&#8220; header_3_font_size=&#8220;40px&#8220; header_3_line_height=&#8220;2em&#8220; header_6_line_height=&#8220;1.8em&#8220; header_3_font_size_tablet=&#8220;35px&#8220; header_3_font_size_phone=&#8220;25px&#8220; header_3_font_size_last_edited=&#8220;on|phone&#8220; locked=&#8220;off&#8220; global_colors_info=&#8220;{}&#8220;]<\/p>\n<h3>Niva 3<\/h3>\n<p>The apartment provides guests with a patio, garden views, a seating area, satellite flat-screen TV, a fully equipped kitchen with a dishwasher and a fridge, and a private bathroom with shower. Ein Backofen und ein Kochfeld sowie ein Wasserkocher und eine Kaffeemaschine sind ebenfalls vorhanden.<\/p>\n<p>[\/et_pb_text][\/et_pb_column_inner][\/et_pb_row_inner][et_pb_row_inner column_structure=&#8220;1_2,1_2&#8243; use_custom_gutter=&#8220;on&#8220; gutter_width=&#8220;2&#8243; _builder_version=&#8220;4.16&#8243; custom_padding=&#8220;0|0px|0|0px|true|false&#8220; global_colors_info=&#8220;{}&#8220;][et_pb_column_inner type=&#8220;1_2&#8243; saved_specialty_column_type=&#8220;1_2&#8243; _builder_version=&#8220;4.16&#8243; custom_padding=&#8220;|||&#8220; global_colors_info=&#8220;{}&#8220; custom_padding__hover=&#8220;|||&#8220;][et_pb_blurb title=&#8220;4+1 Personen &#8220; use_icon=&#8220;on&#8220; font_icon=&#8220;\uf007||fa||900&#8243; icon_color=&#8220;#D1B7A1&#8243; icon_placement=&#8220;left&#8220; image_icon_width=&#8220;24px&#8220; _builder_version=&#8220;4.16&#8243; header_level=&#8220;h5&#8243; header_font=&#8220;Raleway|700|||||||&#8220; header_line_height=&#8220;1.4em&#8220; custom_margin=&#8220;10px||10px||true|false&#8220; custom_padding=&#8220;0px||0px||true|false&#8220; icon_font_size=&#8220;24px&#8220; locked=&#8220;off&#8220; global_colors_info=&#8220;{}&#8220;][\/et_pb_blurb][et_pb_blurb title=&#8220;2 Schlafzimmer&#8220; use_icon=&#8220;on&#8220; font_icon=&#8220;\uf236||fa||900&#8243; icon_color=&#8220;#D1B7A1&#8243; icon_placement=&#8220;left&#8220; image_icon_width=&#8220;24px&#8220; _builder_version=&#8220;4.16&#8243; header_level=&#8220;h5&#8243; header_font=&#8220;Raleway|700|||||||&#8220; header_line_height=&#8220;1.4em&#8220; custom_margin=&#8220;10px||10px||true|false&#8220; custom_padding=&#8220;0px||0px||true|false&#8220; icon_font_size=&#8220;24px&#8220; locked=&#8220;off&#8220; global_colors_info=&#8220;{}&#8220;][\/et_pb_blurb][et_pb_blurb title=&#8220;Gro\u00dfe Terrasse und Balkon&#8220; use_icon=&#8220;on&#8220; font_icon=&#8220;\uf185||fa||900&#8243; icon_color=&#8220;#D1B7A1&#8243; icon_placement=&#8220;left&#8220; image_icon_width=&#8220;24px&#8220; _builder_version=&#8220;4.16&#8243; header_level=&#8220;h5&#8243; header_font=&#8220;Raleway|700|||||||&#8220; header_line_height=&#8220;1.4em&#8220; custom_margin=&#8220;10px||10px||true|false&#8220; custom_padding=&#8220;0px||0px||true|false&#8220; icon_font_size=&#8220;24px&#8220; locked=&#8220;off&#8220; global_colors_info=&#8220;{}&#8220;][\/et_pb_blurb][et_pb_blurb title=&#8220;Meerausblick&#8220; use_icon=&#8220;on&#8220; font_icon=&#8220;\uf773||fa||900&#8243; icon_color=&#8220;#D1B7A1&#8243; icon_placement=&#8220;left&#8220; image_icon_width=&#8220;24px&#8220; _builder_version=&#8220;4.16&#8243; header_level=&#8220;h5&#8243; header_font=&#8220;Raleway|700|||||||&#8220; header_line_height=&#8220;1.4em&#8220; custom_margin=&#8220;10px||10px||true|false&#8220; custom_padding=&#8220;0px||0px||true|false&#8220; icon_font_size=&#8220;24px&#8220; locked=&#8220;off&#8220; global_colors_info=&#8220;{}&#8220;][\/et_pb_blurb][\/et_pb_column_inner][et_pb_column_inner type=&#8220;1_2&#8243; saved_specialty_column_type=&#8220;1_2&#8243; _builder_version=&#8220;4.16&#8243; custom_padding=&#8220;|||&#8220; global_colors_info=&#8220;{}&#8220; custom_padding__hover=&#8220;|||&#8220;][et_pb_blurb title=&#8220;Klimaanlage&#8220; use_icon=&#8220;on&#8220; font_icon=&#8220;\uf72e||fa||900&#8243; icon_color=&#8220;#D1B7A1&#8243; icon_placement=&#8220;left&#8220; image_icon_width=&#8220;24px&#8220; _builder_version=&#8220;4.16&#8243; header_level=&#8220;h5&#8243; header_font=&#8220;Raleway|700|||||||&#8220; header_line_height=&#8220;1.4em&#8220; custom_margin=&#8220;10px||10px||true|false&#8220; custom_padding=&#8220;0px||0px||true|false&#8220; icon_font_size=&#8220;24px&#8220; locked=&#8220;off&#8220; global_colors_info=&#8220;{}&#8220;][\/et_pb_blurb][et_pb_blurb title=&#8220;Wohnk\u00fcche &#8220; use_icon=&#8220;on&#8220; font_icon=&#8220;\uf2e7||fa||900&#8243; icon_color=&#8220;#D1B7A1&#8243; icon_placement=&#8220;left&#8220; image_icon_width=&#8220;24px&#8220; _builder_version=&#8220;4.16&#8243; header_level=&#8220;h5&#8243; header_font=&#8220;Raleway|700|||||||&#8220; header_line_height=&#8220;1.4em&#8220; custom_margin=&#8220;10px||10px||true|false&#8220; custom_padding=&#8220;0px||0px||true|false&#8220; icon_font_size=&#8220;24px&#8220; locked=&#8220;off&#8220; global_colors_info=&#8220;{}&#8220;][\/et_pb_blurb][et_pb_blurb title=&#8220;Geschirrsp\u00fcller&#8220; use_icon=&#8220;on&#8220; font_icon=&#8220;\uf043||fa||900&#8243; icon_color=&#8220;#D1B7A1&#8243; icon_placement=&#8220;left&#8220; image_icon_width=&#8220;24px&#8220; _builder_version=&#8220;4.16&#8243; header_level=&#8220;h5&#8243; header_font=&#8220;Raleway|700|||||||&#8220; header_line_height=&#8220;1.4em&#8220; custom_margin=&#8220;10px||10px||true|false&#8220; custom_padding=&#8220;0px||0px||true|false&#8220; icon_font_size=&#8220;24px&#8220; locked=&#8220;off&#8220; global_colors_info=&#8220;{}&#8220;][\/et_pb_blurb][et_pb_blurb title=&#8220;2 Duschbad&#8220; use_icon=&#8220;on&#8220; font_icon=&#8220;\uf2cc||fa||900&#8243; icon_color=&#8220;#D1B7A1&#8243; icon_placement=&#8220;left&#8220; image_icon_width=&#8220;24px&#8220; _builder_version=&#8220;4.16&#8243; header_level=&#8220;h5&#8243; header_font=&#8220;Raleway|700|||||||&#8220; header_line_height=&#8220;1.4em&#8220; custom_margin=&#8220;10px||10px||true|false&#8220; custom_padding=&#8220;0px||0px||true|false&#8220; icon_font_size=&#8220;24px&#8220; locked=&#8220;off&#8220; global_colors_info=&#8220;{}&#8220;][\/et_pb_blurb][\/et_pb_column_inner][\/et_pb_row_inner][\/et_pb_column][et_pb_column type=&#8220;1_2&#8243; _builder_version=&#8220;4.16&#8243; custom_padding=&#8220;|||&#8220; global_colors_info=&#8220;{}&#8220; custom_padding__hover=&#8220;|||&#8220;][et_pb_gallery gallery_ids=&#8220;2192,2201,2234,2189,2129,2174,2132,2135,2138,2141,2144,2147,2150,2153,2156,2159,2162,2165,2171,2177,2180,2183,2186,2198,2204,2207,2210,2213,2216,2219,2222,2225,2228,2231,2237,2240,2243&#8243; fullwidth=&#8220;on&#8220; disabled_on=&#8220;off|off|off&#8220; _builder_version=&#8220;4.21.0&#8243; _module_preset=&#8220;default&#8220; auto=&#8220;on&#8220; auto_speed=&#8220;2000&#8243; global_colors_info=&#8220;{}&#8220;][\/et_pb_gallery][\/et_pb_column][\/et_pb_section][et_pb_section fb_built=&#8220;1&#8243; specialty=&#8220;on&#8220; admin_label=&#8220;Room&#8220; module_id=&#8220;4&#8243; _builder_version=&#8220;4.21.0&#8243; _module_preset=&#8220;fc279fe1-2424-4719-834e-230d1cda79ff&#8220; background_color=&#8220;#FFFFFF&#8220; global_colors_info=&#8220;{}&#8220;][et_pb_column type=&#8220;1_2&#8243; specialty_columns=&#8220;2&#8243; _builder_version=&#8220;4.16&#8243; custom_padding=&#8220;|||&#8220; global_colors_info=&#8220;{}&#8220; custom_padding__hover=&#8220;|||&#8220;][et_pb_row_inner disabled_on=&#8220;off|off|off&#8220; _builder_version=&#8220;4.21.0&#8243; global_colors_info=&#8220;{}&#8220;][et_pb_column_inner saved_specialty_column_type=&#8220;1_2&#8243; _builder_version=&#8220;4.16&#8243; custom_padding=&#8220;|||&#8220; global_colors_info=&#8220;{}&#8220; custom_padding__hover=&#8220;|||&#8220;][et_pb_text _builder_version=&#8220;4.16&#8243; text_font=&#8220;Raleway||||||||&#8220; text_font_size=&#8220;16px&#8220; text_line_height=&#8220;2em&#8220; ul_font=&#8220;||||||||&#8220; ul_line_height=&#8220;2em&#8220; header_font=&#8220;subic||||||||&#8220; header_3_font=&#8220;|200|||||||&#8220; header_3_font_size=&#8220;40px&#8220; header_3_line_height=&#8220;2em&#8220; header_6_line_height=&#8220;1.8em&#8220; header_3_font_size_tablet=&#8220;35px&#8220; header_3_font_size_phone=&#8220;25px&#8220; header_3_font_size_last_edited=&#8220;on|phone&#8220; locked=&#8220;off&#8220; global_colors_info=&#8220;{}&#8220;]<\/p>\n<h3>Niva 4<\/h3>\n<p>Die Ferienwohnung bietet Ihnen eine Terrasse, Meerblick, einen Sitzbereich, einen Flachbild-Sat-TV, eine voll ausgestattete K\u00fcche mit Geschirrsp\u00fcler und K\u00fchlschrank sowie ein eigenes Bad mit Dusche. Ein Backofen und ein Kochfeld sowie ein Wasserkocher und eine Kaffeemaschine sind ebenfalls vorhanden.<\/p>\n<p>[\/et_pb_text][\/et_pb_column_inner][\/et_pb_row_inner][et_pb_row_inner column_structure=&#8220;1_2,1_2&#8243; use_custom_gutter=&#8220;on&#8220; gutter_width=&#8220;2&#8243; _builder_version=&#8220;4.16&#8243; custom_padding=&#8220;0|0px|0|0px|true|false&#8220; global_colors_info=&#8220;{}&#8220;][et_pb_column_inner type=&#8220;1_2&#8243; saved_specialty_column_type=&#8220;1_2&#8243; _builder_version=&#8220;4.16&#8243; custom_padding=&#8220;|||&#8220; global_colors_info=&#8220;{}&#8220; custom_padding__hover=&#8220;|||&#8220;][et_pb_blurb title=&#8220;4 Personen &#8220; use_icon=&#8220;on&#8220; font_icon=&#8220;\uf007||fa||900&#8243; icon_color=&#8220;#D1B7A1&#8243; icon_placement=&#8220;left&#8220; image_icon_width=&#8220;24px&#8220; _builder_version=&#8220;4.16&#8243; header_level=&#8220;h5&#8243; header_font=&#8220;Raleway|700|||||||&#8220; header_line_height=&#8220;1.4em&#8220; custom_margin=&#8220;10px||10px||true|false&#8220; custom_padding=&#8220;0px||0px||true|false&#8220; icon_font_size=&#8220;24px&#8220; locked=&#8220;off&#8220; global_colors_info=&#8220;{}&#8220;][\/et_pb_blurb][et_pb_blurb title=&#8220;2 Schlafzimmer&#8220; use_icon=&#8220;on&#8220; font_icon=&#8220;\uf236||fa||900&#8243; icon_color=&#8220;#D1B7A1&#8243; icon_placement=&#8220;left&#8220; image_icon_width=&#8220;24px&#8220; _builder_version=&#8220;4.16&#8243; header_level=&#8220;h5&#8243; header_font=&#8220;Raleway|700|||||||&#8220; header_line_height=&#8220;1.4em&#8220; custom_margin=&#8220;10px||10px||true|false&#8220; custom_padding=&#8220;0px||0px||true|false&#8220; icon_font_size=&#8220;24px&#8220; locked=&#8220;off&#8220; global_colors_info=&#8220;{}&#8220;][\/et_pb_blurb][et_pb_blurb title=&#8220;Gro\u00dfe Terrasse und Balkon&#8220; use_icon=&#8220;on&#8220; font_icon=&#8220;\uf185||fa||900&#8243; icon_color=&#8220;#D1B7A1&#8243; icon_placement=&#8220;left&#8220; image_icon_width=&#8220;24px&#8220; _builder_version=&#8220;4.16&#8243; header_level=&#8220;h5&#8243; header_font=&#8220;Raleway|700|||||||&#8220; header_line_height=&#8220;1.4em&#8220; custom_margin=&#8220;10px||10px||true|false&#8220; custom_padding=&#8220;0px||0px||true|false&#8220; icon_font_size=&#8220;24px&#8220; locked=&#8220;off&#8220; global_colors_info=&#8220;{}&#8220;][\/et_pb_blurb][et_pb_blurb title=&#8220;Meerausblick&#8220; use_icon=&#8220;on&#8220; font_icon=&#8220;\uf773||fa||900&#8243; icon_color=&#8220;#D1B7A1&#8243; icon_placement=&#8220;left&#8220; image_icon_width=&#8220;24px&#8220; _builder_version=&#8220;4.16&#8243; header_level=&#8220;h5&#8243; header_font=&#8220;Raleway|700|||||||&#8220; header_line_height=&#8220;1.4em&#8220; custom_margin=&#8220;10px||10px||true|false&#8220; custom_padding=&#8220;0px||0px||true|false&#8220; icon_font_size=&#8220;24px&#8220; locked=&#8220;off&#8220; global_colors_info=&#8220;{}&#8220;][\/et_pb_blurb][et_pb_blurb title=&#8220;Klimaanlage&#8220; use_icon=&#8220;on&#8220; font_icon=&#8220;\uf72e||fa||900&#8243; icon_color=&#8220;#D1B7A1&#8243; icon_placement=&#8220;left&#8220; image_icon_width=&#8220;24px&#8220; _builder_version=&#8220;4.16&#8243; header_level=&#8220;h5&#8243; header_font=&#8220;Raleway|700|||||||&#8220; header_line_height=&#8220;1.4em&#8220; custom_margin=&#8220;10px||10px||true|false&#8220; custom_padding=&#8220;0px||0px||true|false&#8220; icon_font_size=&#8220;24px&#8220; locked=&#8220;off&#8220; global_colors_info=&#8220;{}&#8220;][\/et_pb_blurb][\/et_pb_column_inner][et_pb_column_inner type=&#8220;1_2&#8243; saved_specialty_column_type=&#8220;1_2&#8243; _builder_version=&#8220;4.16&#8243; custom_padding=&#8220;|||&#8220; global_colors_info=&#8220;{}&#8220; custom_padding__hover=&#8220;|||&#8220;][et_pb_blurb title=&#8220;Wohnk\u00fcche &#8220; use_icon=&#8220;on&#8220; font_icon=&#8220;\uf2e7||fa||900&#8243; icon_color=&#8220;#D1B7A1&#8243; icon_placement=&#8220;left&#8220; image_icon_width=&#8220;24px&#8220; _builder_version=&#8220;4.16&#8243; header_level=&#8220;h5&#8243; header_font=&#8220;Raleway|700|||||||&#8220; header_line_height=&#8220;1.4em&#8220; custom_margin=&#8220;10px||10px||true|false&#8220; custom_padding=&#8220;0px||0px||true|false&#8220; icon_font_size=&#8220;24px&#8220; locked=&#8220;off&#8220; global_colors_info=&#8220;{}&#8220;][\/et_pb_blurb][et_pb_blurb title=&#8220;Geschirrsp\u00fcller&#8220; use_icon=&#8220;on&#8220; font_icon=&#8220;\uf043||fa||900&#8243; icon_color=&#8220;#D1B7A1&#8243; icon_placement=&#8220;left&#8220; image_icon_width=&#8220;24px&#8220; _builder_version=&#8220;4.16&#8243; header_level=&#8220;h5&#8243; header_font=&#8220;Raleway|700|||||||&#8220; header_line_height=&#8220;1.4em&#8220; custom_margin=&#8220;10px||10px||true|false&#8220; custom_padding=&#8220;0px||0px||true|false&#8220; icon_font_size=&#8220;24px&#8220; locked=&#8220;off&#8220; global_colors_info=&#8220;{}&#8220;][\/et_pb_blurb][et_pb_blurb title=&#8220;1 Duschbad&#8220; use_icon=&#8220;on&#8220; font_icon=&#8220;\uf2cc||fa||900&#8243; icon_color=&#8220;#D1B7A1&#8243; icon_placement=&#8220;left&#8220; image_icon_width=&#8220;24px&#8220; _builder_version=&#8220;4.16&#8243; header_level=&#8220;h5&#8243; header_font=&#8220;Raleway|700|||||||&#8220; header_line_height=&#8220;1.4em&#8220; custom_margin=&#8220;10px||10px||true|false&#8220; custom_padding=&#8220;0px||0px||true|false&#8220; icon_font_size=&#8220;24px&#8220; locked=&#8220;off&#8220; global_colors_info=&#8220;{}&#8220;][\/et_pb_blurb][et_pb_blurb title=&#8220;1 Toilette&#8220; use_icon=&#8220;on&#8220; font_icon=&#8220;\uf7d8||fa||900&#8243; icon_color=&#8220;#D1B7A1&#8243; icon_placement=&#8220;left&#8220; image_icon_width=&#8220;24px&#8220; _builder_version=&#8220;4.16&#8243; header_level=&#8220;h5&#8243; header_font=&#8220;Raleway|700|||||||&#8220; header_line_height=&#8220;1.4em&#8220; custom_margin=&#8220;10px||10px||true|false&#8220; custom_padding=&#8220;0px||0px||true|false&#8220; icon_font_size=&#8220;24px&#8220; locked=&#8220;off&#8220; global_colors_info=&#8220;{}&#8220;][\/et_pb_blurb][\/et_pb_column_inner][\/et_pb_row_inner][\/et_pb_column][et_pb_column type=&#8220;1_2&#8243; _builder_version=&#8220;4.16&#8243; custom_padding=&#8220;|||&#8220; global_colors_info=&#8220;{}&#8220; custom_padding__hover=&#8220;|||&#8220;][et_pb_gallery gallery_ids=&#8220;2248,2344,2347,2251,2341,2254,2257,2260,2263,2266,2269,2272,2275,2278,2281,2284,2287,2290,2293,2296,2299,2302,2305,2308,2311,2314,2317,2320,2356,2323,2326,2329,2332,2350,2335,2338&#8243; fullwidth=&#8220;on&#8220; _builder_version=&#8220;4.21.0&#8243; _module_preset=&#8220;default&#8220; auto=&#8220;on&#8220; auto_speed=&#8220;2000&#8243; global_colors_info=&#8220;{}&#8220;][\/et_pb_gallery][\/et_pb_column][\/et_pb_section]<\/p>\n","protected":false},"excerpt":{"rendered":"<p>Haus Niva\u00dcber Haus Niva Genie\u00dfen Sie Ihre Privatsph\u00e4re mit einer wundersch\u00f6nen AussichtDirekt am Meer mit Strandangelegenheit und gro\u00dfer Terrasse Haus \u0160ubi\u0107 leigt direkt am Meer und hat einen eigenen Strand. Innerhalb von 10 Gehminuten erreichen Sie ein Gesch\u00e4ft und einige Restaurants. Es hat einen Platz zum Grillen und eine sch\u00f6ne Aussicht. Alle Apartments sind mit [&hellip;]<\/p>\n","protected":false},"author":2,"featured_media":1684,"parent":0,"menu_order":0,"comment_status":"closed","ping_status":"closed","template":"","meta":{"_et_pb_use_builder":"on","_et_pb_old_content":"","_et_gb_content_width":"","inline_featured_image":false,"footnotes":""},"class_list":["post-1823","page","type-page","status-publish","has-post-thumbnail","hentry"],"_links":{"self":[{"href":"https:\/\/subicapartments.com\/de\/wp-json\/wp\/v2\/pages\/1823","targetHints":{"allow":["GET"]}}],"collection":[{"href":"https:\/\/subicapartments.com\/de\/wp-json\/wp\/v2\/pages"}],"about":[{"href":"https:\/\/subicapartments.com\/de\/wp-json\/wp\/v2\/types\/page"}],"author":[{"embeddable":true,"href":"https:\/\/subicapartments.com\/de\/wp-json\/wp\/v2\/users\/2"}],"replies":[{"embeddable":true,"href":"https:\/\/subicapartments.com\/de\/wp-json\/wp\/v2\/comments?post=1823"}],"version-history":[{"count":2,"href":"https:\/\/subicapartments.com\/de\/wp-json\/wp\/v2\/pages\/1823\/revisions"}],"predecessor-version":[{"id":2417,"href":"https:\/\/subicapartments.com\/de\/wp-json\/wp\/v2\/pages\/1823\/revisions\/2417"}],"wp:featuredmedia":[{"embeddable":true,"href":"https:\/\/subicapartments.com\/de\/wp-json\/wp\/v2\/media\/1684"}],"wp:attachment":[{"href":"https:\/\/subicapartments.com\/de\/wp-json\/wp\/v2\/media?parent=1823"}],"curies":[{"name":"wp","href":"https:\/\/api.w.org\/{rel}","templated":true}]}}